{"id":504,"date":"2020-02-05T11:46:44","date_gmt":"2020-02-05T11:46:44","guid":{"rendered":"https:\/\/la-marque.org\/?page_id=504"},"modified":"2021-02-06T15:52:14","modified_gmt":"2021-02-06T15:52:14","slug":"bloc-marque-de-la-france","status":"publish","type":"page","link":"https:\/\/la-marque.org\/index.php\/bloc-marque-de-la-france\/","title":{"rendered":"Bloc Marque de la France"},"content":{"rendered":"\n<h4 class=\"has-text-align-center wp-block-heading\">Drapeau<\/h4>\n\n\n\n<div class=\"wp-block-image\"><figure class=\"aligncenter size-large\"><img loading=\"lazy\" decoding=\"async\" width=\"151\" height=\"101\" src=\"https:\/\/la-marque.org\/wp-content\/uploads\/2020\/02\/drapeauFrance.gif\" alt=\"Drapeau fran\u00e7ais\" class=\"wp-image-507\"\/><\/figure><\/div>\n\n\n\n<h4 class=\"has-text-align-center wp-block-heading\">Embl\u00e8me<\/h4>\n\n\n\n<div class=\"wp-block-image\"><figure class=\"aligncenter size-large\"><img loading=\"lazy\" decoding=\"async\" width=\"151\" height=\"89\" src=\"https:\/\/la-marque.org\/wp-content\/uploads\/2020\/02\/logofr.gif\" alt=\"Embl\u00e8me fran\u00e7ais\" class=\"wp-image-508\"\/><\/figure><\/div>\n\n\n\n<p><strong>Devise : <\/strong>Libert\u00e9, \u00c9galit\u00e9, Fraternit\u00e9<\/p>\n\n\n\n<ul class=\"wp-block-list\"><li>H\u00e9ritage du si\u00e8cle des Lumi\u00e8res, la devise \u00a0\u00bb Libert\u00e9, Egalit\u00e9, Fraternit\u00e9 \u00a0\u00bb est invoqu\u00e9e pour la premi\u00e8re fois lors de la R\u00e9volution fran\u00e7aise. Souvent remise en cause, elle finit par s&rsquo;imposer sous la III<sup>e<\/sup> R\u00e9publique. Elle est inscrite dans les constitutions de 1946 et 1958.<\/li><li>Embl\u00e8me national de la Ve R\u00e9publique, le drapeau tricolore est n\u00e9 de la r\u00e9union, sous la R\u00e9volution fran\u00e7aise, des couleurs du roi (blanc) et de la ville de Paris (bleu et rouge).<\/li><li>Marianne (Marie-Anne), repr\u00e9sentation d&rsquo;une femme \u00e0 bonnet phrygien, incarne une all\u00e9gorie de la Libert\u00e9 et de la R\u00e9publique, sous la R\u00e9volution fran\u00e7aise. Symbole de libert\u00e9, le bonnet phrygien \u00e9tait port\u00e9 par les esclaves affranchis en Gr\u00e8ce et \u00e0 Rome. Un bonnet de ce type coiffait aussi les marins et les gal\u00e9riens de la M\u00e9diterran\u00e9e et aurait \u00e9t\u00e9 repris par les r\u00e9volutionnaires venus du Midi.<\/li><\/ul>\n\n\n\n<p><strong>Libert\u00e9<\/strong> : pour \u00eatre libre, il ne suffit pas que la libert\u00e9 soit inscrite sur les frontons des institutions il faut qu&rsquo;elle se lib\u00e8re en l&rsquo;homme.<br><strong>\u00c9galit\u00e9<\/strong> : ne serait-il pas pr\u00e9f\u00e9rable de remplacer le terme d&rsquo;\u00e9galit\u00e9 par celui d&rsquo;\u00e9quit\u00e9 car \u00e0 vouloir prendre un fantasme pour une r\u00e9alit\u00e9 ou une promesse, l\u2019\u00c9tat appara\u00eet comme un mystificateur aupr\u00e8s des citoyens qui lui accordent sa confiance ? <br><a rel=\"noreferrer noopener\" href=\"https:\/\/www.gouvernement.fr\/partage\/9416-la-republique-francaise-est-proclamee\" target=\"_blank\"><em>\u00c0 partir du 22 septembre 1792 (date de naissance de la R\u00e9publique), les d\u00e9put\u00e9s pr\u00eatent serment de fid\u00e9lit\u00e9, non plus au Roi (monarchie de droit divin), mais \u00e0 la Nation : \u00ab\u00a0Au nom de la Nation, je jure de maintenir la libert\u00e9 et l\u2019\u00e9galit\u00e9 ou de mourir \u00e0 mon poste.\u00a0\u00bb<\/em><\/a> Qu&rsquo;en est-il de nos jours ? Les d\u00e9put\u00e9s sont-ils toujours pr\u00eats \u00e0 payer de leur sang pour maintenir l&rsquo;\u00e9galit\u00e9 ?<br><strong>Fraternit\u00e9<\/strong> : la fraternit\u00e9 se partage dans des communaut\u00e9s d&rsquo;appartenance le plus souvent ind\u00e9pendantes de la nation. A quel cercle s&rsquo;\u00e9tend la fraternit\u00e9 ? Qu&rsquo;en est-il de l&rsquo;hospitalit\u00e9 lorsqu&rsquo;elle rencontre l&rsquo;immigration? <\/p>\n\n\n\n<blockquote class=\"wp-block-quote is-layout-flow wp-block-quote-is-layout-flow\"><p>\u00ab\u00a0Du campement tzigane de Nanterre,<br>ce qu&rsquo;on voyait le mieux,<br>c&rsquo;\u00e9tait la Grande Arche de la D\u00e9fense,<br>C&rsquo;\u00e9tait la mis\u00e8re,<br>les enfants marchaient pieds nus l&rsquo;hiver<br>au milieu des rats, pas d&rsquo;eau ni d&rsquo;\u00e9lectricit\u00e9,<br>et pas toujours quelque chose \u00e0 manger,<br>et ce monument gigantesque \u00e9clair\u00e9<br> la nuit par des projecteurs est baptis\u00e9: <br>\u00ab\u00a0L&rsquo;Arche de la fraternit\u00e9\u00a0\u00bb.\u00a0\u00bb<\/p><cite>Alexandre Roman\u00e8s, <br>\u00ab\u00a0Un peuple de promeneurs\u00a0\u00bb histoires tziganes<br>nrf Gallimard<\/cite><\/blockquote>\n\n\n\n<p><a rel=\"noreferrer noopener\" href=\"https:\/\/www.gouvernement.fr\/charte\/charte-graphique-les-fondamentaux\/le-bloc-marque\" target=\"_blank\">La Marque de l\u2019\u00c9tat fran\u00e7ais <\/a><\/p>\n\n\n\n<p>Derni\u00e8re mise \u00e0 jour : 6 f\u00e9vrier 2021<\/p>\n","protected":false},"excerpt":{"rendered":"<p>Drapeau Embl\u00e8me Devise : Libert\u00e9, \u00c9galit\u00e9, Fraternit\u00e9 H\u00e9ritage du si\u00e8cle des Lumi\u00e8res, la devise \u00a0\u00bb Libert\u00e9, Egalit\u00e9, Fraternit\u00e9 \u00a0\u00bb est invoqu\u00e9e pour la premi\u00e8re fois lors de la R\u00e9volution fran\u00e7aise. Souvent remise en cause, elle finit par s&rsquo;imposer sous la IIIe R\u00e9publique. Elle est inscrite dans les constitutions de 1946 et 1958. Embl\u00e8me national de [&hellip;]<\/p>\n","protected":false},"author":1,"featured_media":0,"parent":0,"menu_order":0,"comment_status":"closed","ping_status":"closed","template":"","meta":{"footnotes":""},"class_list":["post-504","page","type-page","status-publish","hentry"],"_links":{"self":[{"href":"https:\/\/la-marque.org\/index.php\/wp-json\/wp\/v2\/pages\/504","targetHints":{"allow":["GET"]}}],"collection":[{"href":"https:\/\/la-marque.org\/index.php\/wp-json\/wp\/v2\/pages"}],"about":[{"href":"https:\/\/la-marque.org\/index.php\/wp-json\/wp\/v2\/types\/page"}],"author":[{"embeddable":true,"href":"https:\/\/la-marque.org\/index.php\/wp-json\/wp\/v2\/users\/1"}],"replies":[{"embeddable":true,"href":"https:\/\/la-marque.org\/index.php\/wp-json\/wp\/v2\/comments?post=504"}],"version-history":[{"count":14,"href":"https:\/\/la-marque.org\/index.php\/wp-json\/wp\/v2\/pages\/504\/revisions"}],"predecessor-version":[{"id":1212,"href":"https:\/\/la-marque.org\/index.php\/wp-json\/wp\/v2\/pages\/504\/revisions\/1212"}],"wp:attachment":[{"href":"https:\/\/la-marque.org\/index.php\/wp-json\/wp\/v2\/media?parent=504"}],"curies":[{"name":"wp","href":"https:\/\/api.w.org\/{rel}","templated":true}]}}