{"id":317,"date":"2020-01-29T10:42:33","date_gmt":"2020-01-29T10:42:33","guid":{"rendered":"https:\/\/la-marque.org\/?page_id=317"},"modified":"2020-01-29T10:42:33","modified_gmt":"2020-01-29T10:42:33","slug":"adp-aeroports-de-paris","status":"publish","type":"page","link":"https:\/\/la-marque.org\/index.php\/adp-aeroports-de-paris\/","title":{"rendered":"ADP A\u00e9roports de Paris"},"content":{"rendered":"\n<p>Objet : conception,\u00a0 construction et exploitation d\u2019a\u00e9roports.<br>Date de cr\u00e9ation : 1945<\/p>\n\n\n\n<p> <strong>R\u00e9partition du capital ADP<\/strong> au 27 juin 2019<br>Capitalisation boursi\u00e8re 15 131 M\u20ac <\/p>\n\n\n\n<figure class=\"wp-block-table\"><table class=\"has-subtle-light-gray-background-color has-background\"><tbody><tr><td>\u00c9tat fran\u00e7ais<\/td><td>50,6 %<\/td><\/tr><tr><td>Schipol Group<\/td><td>8,0 %<\/td><\/tr><tr><td>Vinci<\/td><td>8,0 %<\/td><\/tr><tr><td>Predica<\/td><td>5,1 %<\/td><\/tr><tr><td>Investisseurs institutionnels<\/td><td>21,9 %<\/td><\/tr><tr><td>Actionnaires individuels<\/td><td>4,3 %<\/td><\/tr><tr><td>Salari\u00e9s<\/td><td>1,6%<\/td><\/tr><\/tbody><\/table><\/figure>\n\n\n\n<p> <strong>R\u00e9partition du capital ADP<\/strong> au 31 d\u00e9cembre 2015 <\/p>\n\n\n\n<figure class=\"wp-block-table\"><table class=\"has-subtle-light-gray-background-color has-background\"><tbody><tr><td>\u00c9tat fran\u00e7ais<\/td><td>50,6 %<\/td><\/tr><tr><td>Schipol Group<\/td><td>8,0 %<\/td><\/tr><tr><td>Vinci<\/td><td>8,0 %<\/td><\/tr><tr><td>Cr\u00e9dit Agricole<br>Assurances\/Predica<\/td><td>4,8 %<\/td><\/tr><tr><td>Investisseurs institutionnels<\/td><td>22,0 %<\/td><\/tr><tr><td>Actionnaires individuels<\/td><td>4,7 %<\/td><\/tr><tr><td>Salari\u00e9s<\/td><td>1,7 %<\/td><\/tr><tr><td>Autod\u00e9tention<\/td><td>0,2 %<\/td><\/tr><\/tbody><\/table><\/figure>\n\n\n\n<p><strong>Date de mise \u00e0 jour<\/strong> : 27 juin 2019<\/p>\n","protected":false},"excerpt":{"rendered":"<p>Objet : conception,\u00a0 construction et exploitation d\u2019a\u00e9roports.Date de cr\u00e9ation : 1945 R\u00e9partition du capital ADP au 27 juin 2019Capitalisation boursi\u00e8re 15 131 M\u20ac \u00c9tat fran\u00e7ais 50,6 % Schipol Group 8,0 % Vinci 8,0 % Predica 5,1 % Investisseurs institutionnels 21,9 % Actionnaires individuels 4,3 % Salari\u00e9s 1,6% R\u00e9partition du capital ADP au 31 d\u00e9cembre 2015 [&hellip;]<\/p>\n","protected":false},"author":1,"featured_media":0,"parent":0,"menu_order":0,"comment_status":"closed","ping_status":"closed","template":"","meta":{"footnotes":""},"class_list":["post-317","page","type-page","status-publish","hentry"],"_links":{"self":[{"href":"https:\/\/la-marque.org\/index.php\/wp-json\/wp\/v2\/pages\/317","targetHints":{"allow":["GET"]}}],"collection":[{"href":"https:\/\/la-marque.org\/index.php\/wp-json\/wp\/v2\/pages"}],"about":[{"href":"https:\/\/la-marque.org\/index.php\/wp-json\/wp\/v2\/types\/page"}],"author":[{"embeddable":true,"href":"https:\/\/la-marque.org\/index.php\/wp-json\/wp\/v2\/users\/1"}],"replies":[{"embeddable":true,"href":"https:\/\/la-marque.org\/index.php\/wp-json\/wp\/v2\/comments?post=317"}],"version-history":[{"count":1,"href":"https:\/\/la-marque.org\/index.php\/wp-json\/wp\/v2\/pages\/317\/revisions"}],"predecessor-version":[{"id":319,"href":"https:\/\/la-marque.org\/index.php\/wp-json\/wp\/v2\/pages\/317\/revisions\/319"}],"wp:attachment":[{"href":"https:\/\/la-marque.org\/index.php\/wp-json\/wp\/v2\/media?parent=317"}],"curies":[{"name":"wp","href":"https:\/\/api.w.org\/{rel}","templated":true}]}}