{"id":1869,"date":"2022-04-12T16:27:09","date_gmt":"2022-04-12T16:27:09","guid":{"rendered":"https:\/\/la-marque.org\/?page_id=1869"},"modified":"2026-02-24T16:55:35","modified_gmt":"2026-02-24T16:55:35","slug":"flux-rss-2","status":"publish","type":"page","link":"https:\/\/la-marque.org\/index.php\/flux-rss-2\/","title":{"rendered":"Flux RSS"},"content":{"rendered":"\n<p><strong>Insee<\/strong><\/p>\n\n\n<ul class=\"wp-block-rss\"><li class='wp-block-rss__item'><div class='wp-block-rss__item-title'><a href='https:\/\/www.insee.fr\/fr\/statistiques\/6797392'>Caract\u00e9ristiques des personnes en emploi exer\u00e7ant une profession num\u00e9rique selon le sexe<\/a><\/div><\/li><li class='wp-block-rss__item'><div class='wp-block-rss__item-title'><a href='https:\/\/www.insee.fr\/fr\/statistiques\/7656482'>Caract\u00e9ristiques des personnes en emploi exer\u00e7ant une profession d\u2019enseignant selon le sexe<\/a><\/div><\/li><li class='wp-block-rss__item'><div class='wp-block-rss__item-title'><a href='https:\/\/www.insee.fr\/fr\/statistiques\/2381478'>Population selon le sexe, le statut d\u2019activit\u00e9 et la cat\u00e9gorie socioprofessionnelle<\/a><\/div><\/li><li class='wp-block-rss__item'><div class='wp-block-rss__item-title'><a href='https:\/\/www.insee.fr\/fr\/statistiques\/7656509'>Caract\u00e9ristiques des personnes en emploi exer\u00e7ant un m\u00e9tier \u00ab vert \u00bb<\/a><\/div><\/li><li class='wp-block-rss__item'><div class='wp-block-rss__item-title'><a href='https:\/\/www.insee.fr\/fr\/statistiques\/7656527'>Caract\u00e9ristiques des personnes en emploi exer\u00e7ant une profession de dirigeant ou professionnel de haut niveau selon le sexe<\/a><\/div><\/li><\/ul>\n\n\n<p><strong>Public Senat<\/strong><\/p>\n\n\n<ul class=\"wp-block-rss\"><li class='wp-block-rss__item'><div class='wp-block-rss__item-title'><a href='https:\/\/www.publicsenat.fr\/actualites\/parlementaire\/haine-en-ligne-nous-vidons-locean-a-la-petite-cuillere-indique-laurence-pecaud-rivolier-conseillere-de-larcom'>R\u00e9gulation des contenus : \u00ab Ce qui est interdit hors ligne est interdit en ligne \u00bb<\/a><\/div><\/li><li class='wp-block-rss__item'><div class='wp-block-rss__item-title'><a href='https:\/\/www.publicsenat.fr\/actualites\/politique\/on-est-en-droit-de-se-poser-des-questions-sur-letat-mental-de-donald-trump-pour-michel-cymes'>\u00ab\u00a0On est en droit de se poser des questions sur l\u2019\u00e9tat mental de Donald Trump\u00a0\u00bb, pour Michel Cymes<\/a><\/div><\/li><li class='wp-block-rss__item'><div class='wp-block-rss__item-title'><a href='https:\/\/www.publicsenat.fr\/actualites\/sante\/science-dans-le-sport-lessor-des-technologies-au-service-des-athletes-0'>Science dans le sport\u00a0: l\u2019essor des technologies au service des athl\u00e8tes<\/a><\/div><\/li><li class='wp-block-rss__item'><div class='wp-block-rss__item-title'><a href='https:\/\/www.publicsenat.fr\/actualites\/politique\/au-senat-lacteur-bruno-solo-appelle-a-la-mobilisation-face-a-la-montee-des-masculinismes'>Au S\u00e9nat, l\u2019acteur Bruno Solo appelle \u00e0 la mobilisation face \u00e0 la mont\u00e9e des masculinismes<\/a><\/div><\/li><li class='wp-block-rss__item'><div class='wp-block-rss__item-title'><a href='https:\/\/www.publicsenat.fr\/actualites\/economie\/grande-distribution-le-geant-de-lhygiene-procter-gamble-sinquiete-du-retour-de-coups-de-pression-que-lon-avait-pas-vus-depuis-20-ans'>Grande distribution : le g\u00e9ant de l\u2019hygi\u00e8ne Procter &amp; Gamble s\u2019inqui\u00e8te du retour de coups de pression \u00ab que l\u2019on avait pas vus depuis 20 ans \u00bb<\/a><\/div><\/li><\/ul>","protected":false},"excerpt":{"rendered":"<p>Insee Public Senat<\/p>\n","protected":false},"author":1,"featured_media":0,"parent":0,"menu_order":0,"comment_status":"closed","ping_status":"closed","template":"","meta":{"footnotes":""},"class_list":["post-1869","page","type-page","status-publish","hentry"],"_links":{"self":[{"href":"https:\/\/la-marque.org\/index.php\/wp-json\/wp\/v2\/pages\/1869","targetHints":{"allow":["GET"]}}],"collection":[{"href":"https:\/\/la-marque.org\/index.php\/wp-json\/wp\/v2\/pages"}],"about":[{"href":"https:\/\/la-marque.org\/index.php\/wp-json\/wp\/v2\/types\/page"}],"author":[{"embeddable":true,"href":"https:\/\/la-marque.org\/index.php\/wp-json\/wp\/v2\/users\/1"}],"replies":[{"embeddable":true,"href":"https:\/\/la-marque.org\/index.php\/wp-json\/wp\/v2\/comments?post=1869"}],"version-history":[{"count":84,"href":"https:\/\/la-marque.org\/index.php\/wp-json\/wp\/v2\/pages\/1869\/revisions"}],"predecessor-version":[{"id":3588,"href":"https:\/\/la-marque.org\/index.php\/wp-json\/wp\/v2\/pages\/1869\/revisions\/3588"}],"wp:attachment":[{"href":"https:\/\/la-marque.org\/index.php\/wp-json\/wp\/v2\/media?parent=1869"}],"curies":[{"name":"wp","href":"https:\/\/api.w.org\/{rel}","templated":true}]}}